{"id":17893,"date":"2020-02-19T11:47:15","date_gmt":"2020-02-19T11:47:15","guid":{"rendered":"https:\/\/www.textilux.com\/?page_id=17893"},"modified":"2024-11-13T09:26:45","modified_gmt":"2024-11-13T09:26:45","slug":"shading-systems","status":"publish","type":"page","link":"https:\/\/www.textilux.com\/en\/shading-systems\/","title":{"rendered":"Shading Systems"},"content":{"rendered":"<p>[vc_row css_animation=&#8221;&#8221; row_type=&#8221;row&#8221; use_row_as_full_screen_section=&#8221;no&#8221; type=&#8221;full_width&#8221; angled_section=&#8221;no&#8221; text_align=&#8221;left&#8221; background_image_as_pattern=&#8221;without_pattern&#8221; background_image=&#8221;17241&#8243; padding_top=&#8221;200&#8243; padding_bottom=&#8221;200&#8243; css=&#8221;.vc_custom_1731489989288{background-position: center !important;background-repeat: no-repeat !important;background-size: cover !important;}&#8221; z_index=&#8221;&#8221;][vc_column][vc_column_text]<\/p>\n<h1 style=\"color: white; text-align: center; font-weight: bold; text-shadow: 1px 1px 5px rgba(0,0,0,0.5);\">Shading Systems<\/h1>\n<p>[\/vc_column_text][vc_empty_space height=&#8221;15px&#8221;][vc_column_text]<\/p>\n<h4 style=\"text-align: center; color: white; font-weight: 500; text-shadow: 1px 1px 5px rgba(0,0,0,0.5);\">Whether is summer or winter, enjoy your space all year round!<\/h4>\n<p>[\/vc_column_text][\/vc_column][\/vc_row][vc_row css_animation=&#8221;&#8221; row_type=&#8221;row&#8221; use_row_as_full_screen_section=&#8221;no&#8221; type=&#8221;full_width&#8221; angled_section=&#8221;no&#8221; text_align=&#8221;center&#8221; background_image_as_pattern=&#8221;without_pattern&#8221; z_index=&#8221;&#8221;][vc_column css=&#8221;.vc_custom_1731490002321{margin-top: -25px !important;}&#8221;]<a  itemprop=\"url\" href=\"\" target=\"_self\" data-hover-background-color='#ffffff' data-hover-color='#c1272d' class=\"qbutton  large default popmake-18468 ws-btn-orcamento-mobile\" style=\"background-color: #c1272d;\">Request a quote<\/a>[\/vc_column][\/vc_row][vc_row css_animation=&#8221;&#8221; row_type=&#8221;row&#8221; use_row_as_full_screen_section=&#8221;no&#8221; type=&#8221;full_width&#8221; angled_section=&#8221;no&#8221; text_align=&#8221;left&#8221; background_image_as_pattern=&#8221;without_pattern&#8221; row_negative_margin=&#8221;disable_negative_margin&#8221; z_index=&#8221;&#8221; padding_top=&#8221;80&#8243;][vc_column][qode_elements_holder number_of_columns=&#8221;two_columns&#8221;][qode_elements_holder_item advanced_animations=&#8221;no&#8221; item_padding=&#8221;40px&#8221;][vc_column_text]<\/p>\n<h2 style=\"text-align: left;\">Shading Systems &#8211; Sail Model<\/h2>\n<p>[\/vc_column_text][vc_empty_space height=&#8221;10px&#8221;][vc_column_text]Sail model shading systems, an exclusive Textilux format, were designed to be used in the summer and winter, above all in residential spaces, considered aesthetically very attractive.<\/p>\n<p>This equipment consists of a metallic steel structure lacquered in the desired colour and covered by PVC or micro-perforated polyethylene tarpaulins.<\/p>\n<p>This product may be complemented with the following options: heating, LED lighting and ambient sound.<br \/>\nIf you need more details on our extremely decorative and visually elegant sail model shading systems, ask our trained and experienced professionals for an expert opinion.[\/vc_column_text][\/qode_elements_holder_item][qode_elements_holder_item advanced_animations=&#8221;no&#8221;]<div class=\"qode-advanced-image-gallery  qode-aig-slider-type qode-tiny-space  qode-image-behavior-lightbox \">\n\t<div class=\"qode-aig-slider qode-owl-slider\" data-number-of-items=\"1\" data-enable-loop=\"yes\" data-enable-autoplay=\"yes\" data-slider-speed=\"5000\" data-slider-speed-animation=\"600\" data-slider-padding=\"no\" data-enable-navigation=\"yes\" data-enable-pagination=\"no\">\n\t\t\t\t\t<div class=\"qode-aig-image\">\n\t\t\t\t\t\t\t\t\t<a itemprop=\"image\" class=\"qode-aig-lightbox qode-block-drag-link\" href=\"https:\/\/www.textilux.com\/wp-content\/uploads\/2024\/11\/Sombreadorvela1.jpg\" data-rel=\"prettyPhoto[image_gallery_pretty_photo-924]\" title=\"Sombreadorvela1\">\n\t\t\t\t\t\t\t\t\t<img loading=\"lazy\" decoding=\"async\" src=\"https:\/\/www.textilux.com\/wp-content\/uploads\/2024\/11\/Sombreadorvela1-800x450.jpg\" alt=\"\" width=\"800\" height=\"450\" \/>\t\t\t\t\t<span class=\"aig-gallery-hover\">\n\t\t\t\t\t\t\t\t\t\t\t\t\t<span class=\"icon-arrows-plus\"><\/span> \n\t\t\t\t\t\t\t\t\t\t\t<\/span>\n\t\t\t\t\t\t\t\t\t<\/a>\n\t\t\t\t\t\t\t<\/div>\n\t\t\t\t\t<div class=\"qode-aig-image\">\n\t\t\t\t\t\t\t\t\t<a itemprop=\"image\" class=\"qode-aig-lightbox qode-block-drag-link\" href=\"https:\/\/www.textilux.com\/wp-content\/uploads\/2024\/11\/Sombreadorvela3.jpg\" data-rel=\"prettyPhoto[image_gallery_pretty_photo-924]\" title=\"Sombreadorvela3\">\n\t\t\t\t\t\t\t\t\t<img loading=\"lazy\" decoding=\"async\" src=\"https:\/\/www.textilux.com\/wp-content\/uploads\/2024\/11\/Sombreadorvela3-800x450.jpg\" alt=\"\" width=\"800\" height=\"450\" \/>\t\t\t\t\t<span class=\"aig-gallery-hover\">\n\t\t\t\t\t\t\t\t\t\t\t\t\t<span class=\"icon-arrows-plus\"><\/span> \n\t\t\t\t\t\t\t\t\t\t\t<\/span>\n\t\t\t\t\t\t\t\t\t<\/a>\n\t\t\t\t\t\t\t<\/div>\n\t\t\t\t\t<div class=\"qode-aig-image\">\n\t\t\t\t\t\t\t\t\t<a itemprop=\"image\" class=\"qode-aig-lightbox qode-block-drag-link\" href=\"https:\/\/www.textilux.com\/wp-content\/uploads\/2024\/11\/Sombreadorvela2.jpg\" data-rel=\"prettyPhoto[image_gallery_pretty_photo-924]\" title=\"Sombreadorvela2\">\n\t\t\t\t\t\t\t\t\t<img loading=\"lazy\" decoding=\"async\" src=\"https:\/\/www.textilux.com\/wp-content\/uploads\/2024\/11\/Sombreadorvela2-800x450.jpg\" alt=\"\" width=\"800\" height=\"450\" \/>\t\t\t\t\t<span class=\"aig-gallery-hover\">\n\t\t\t\t\t\t\t\t\t\t\t\t\t<span class=\"icon-arrows-plus\"><\/span> \n\t\t\t\t\t\t\t\t\t\t\t<\/span>\n\t\t\t\t\t\t\t\t\t<\/a>\n\t\t\t\t\t\t\t<\/div>\n\t\t\t\t\t<div class=\"qode-aig-image\">\n\t\t\t\t\t\t\t\t\t<a itemprop=\"image\" class=\"qode-aig-lightbox qode-block-drag-link\" href=\"https:\/\/www.textilux.com\/wp-content\/uploads\/2019\/12\/sombreadores_vela_01.jpg\" data-rel=\"prettyPhoto[image_gallery_pretty_photo-924]\" title=\"sombreadores_vela_01\">\n\t\t\t\t\t\t\t\t\t<img loading=\"lazy\" decoding=\"async\" src=\"https:\/\/www.textilux.com\/wp-content\/uploads\/2019\/12\/sombreadores_vela_01-800x450.jpg\" alt=\"\" width=\"800\" height=\"450\" \/>\t\t\t\t\t<span class=\"aig-gallery-hover\">\n\t\t\t\t\t\t\t\t\t\t\t\t\t<span class=\"icon-arrows-plus\"><\/span> \n\t\t\t\t\t\t\t\t\t\t\t<\/span>\n\t\t\t\t\t\t\t\t\t<\/a>\n\t\t\t\t\t\t\t<\/div>\n\t\t\t\t\t<div class=\"qode-aig-image\">\n\t\t\t\t\t\t\t\t\t<a itemprop=\"image\" class=\"qode-aig-lightbox qode-block-drag-link\" href=\"https:\/\/www.textilux.com\/wp-content\/uploads\/2019\/12\/sombreadores_vela_02-1.jpg\" data-rel=\"prettyPhoto[image_gallery_pretty_photo-924]\" title=\"sombreadores_vela_02\">\n\t\t\t\t\t\t\t\t\t<img loading=\"lazy\" decoding=\"async\" src=\"https:\/\/www.textilux.com\/wp-content\/uploads\/2019\/12\/sombreadores_vela_02-1-800x450.jpg\" alt=\"\" width=\"800\" height=\"450\" \/>\t\t\t\t\t<span class=\"aig-gallery-hover\">\n\t\t\t\t\t\t\t\t\t\t\t\t\t<span class=\"icon-arrows-plus\"><\/span> \n\t\t\t\t\t\t\t\t\t\t\t<\/span>\n\t\t\t\t\t\t\t\t\t<\/a>\n\t\t\t\t\t\t\t<\/div>\n\t\t\t\t\t<div class=\"qode-aig-image\">\n\t\t\t\t\t\t\t\t\t<a itemprop=\"image\" class=\"qode-aig-lightbox qode-block-drag-link\" href=\"https:\/\/www.textilux.com\/wp-content\/uploads\/2020\/02\/sombreador_vela_3.jpg\" data-rel=\"prettyPhoto[image_gallery_pretty_photo-924]\" title=\"sombreador_vela_3\">\n\t\t\t\t\t\t\t\t\t<img loading=\"lazy\" decoding=\"async\" src=\"https:\/\/www.textilux.com\/wp-content\/uploads\/2020\/02\/sombreador_vela_3-800x450.jpg\" alt=\"\" width=\"800\" height=\"450\" \/>\t\t\t\t\t<span class=\"aig-gallery-hover\">\n\t\t\t\t\t\t\t\t\t\t\t\t\t<span class=\"icon-arrows-plus\"><\/span> \n\t\t\t\t\t\t\t\t\t\t\t<\/span>\n\t\t\t\t\t\t\t\t\t<\/a>\n\t\t\t\t\t\t\t<\/div>\n\t\t\t\t\t<div class=\"qode-aig-image\">\n\t\t\t\t\t\t\t\t\t<a itemprop=\"image\" class=\"qode-aig-lightbox qode-block-drag-link\" href=\"https:\/\/www.textilux.com\/wp-content\/uploads\/2020\/02\/sombreador_vela_4.jpg\" data-rel=\"prettyPhoto[image_gallery_pretty_photo-924]\" title=\"sombreador_vela_4\">\n\t\t\t\t\t\t\t\t\t<img loading=\"lazy\" decoding=\"async\" src=\"https:\/\/www.textilux.com\/wp-content\/uploads\/2020\/02\/sombreador_vela_4-800x450.jpg\" alt=\"\" width=\"800\" height=\"450\" \/>\t\t\t\t\t<span class=\"aig-gallery-hover\">\n\t\t\t\t\t\t\t\t\t\t\t\t\t<span class=\"icon-arrows-plus\"><\/span> \n\t\t\t\t\t\t\t\t\t\t\t<\/span>\n\t\t\t\t\t\t\t\t\t<\/a>\n\t\t\t\t\t\t\t<\/div>\n\t\t\t\t\t<div class=\"qode-aig-image\">\n\t\t\t\t\t\t\t\t\t<a itemprop=\"image\" class=\"qode-aig-lightbox qode-block-drag-link\" href=\"https:\/\/www.textilux.com\/wp-content\/uploads\/2020\/02\/sombreador_vela_5.jpg\" data-rel=\"prettyPhoto[image_gallery_pretty_photo-924]\" title=\"sombreador_vela_5\">\n\t\t\t\t\t\t\t\t\t<img loading=\"lazy\" decoding=\"async\" src=\"https:\/\/www.textilux.com\/wp-content\/uploads\/2020\/02\/sombreador_vela_5-800x450.jpg\" alt=\"\" width=\"800\" height=\"450\" \/>\t\t\t\t\t<span class=\"aig-gallery-hover\">\n\t\t\t\t\t\t\t\t\t\t\t\t\t<span class=\"icon-arrows-plus\"><\/span> \n\t\t\t\t\t\t\t\t\t\t\t<\/span>\n\t\t\t\t\t\t\t\t\t<\/a>\n\t\t\t\t\t\t\t<\/div>\n\t\t\t<\/div>\n<\/div>[\/qode_elements_holder_item][\/qode_elements_holder][\/vc_column][\/vc_row][vc_row css_animation=&#8221;&#8221; row_type=&#8221;row&#8221; use_row_as_full_screen_section=&#8221;no&#8221; type=&#8221;full_width&#8221; angled_section=&#8221;no&#8221; text_align=&#8221;left&#8221; background_image_as_pattern=&#8221;without_pattern&#8221; row_negative_margin=&#8221;disable_negative_margin&#8221; css=&#8221;.vc_custom_1529403298375{background-color: #f6f6f6 !important;}&#8221; z_index=&#8221;&#8221; el_class=&#8221;custom_reverse_order&#8221;][vc_column el_class=&#8221;product-image&#8221;][qode_elements_holder number_of_columns=&#8221;two_columns&#8221; switch_to_one_column=&#8221;768&#8243; alignment_one_column=&#8221;right&#8221;][qode_elements_holder_item advanced_animations=&#8221;no&#8221;]<div class=\"qode-advanced-image-gallery  qode-aig-slider-type qode-tiny-space  qode-image-behavior-lightbox \">\n\t<div class=\"qode-aig-slider qode-owl-slider\" data-number-of-items=\"1\" data-enable-loop=\"yes\" data-enable-autoplay=\"yes\" data-slider-speed=\"5000\" data-slider-speed-animation=\"600\" data-slider-padding=\"no\" data-enable-navigation=\"yes\" data-enable-pagination=\"no\">\n\t\t\t\t\t<div class=\"qode-aig-image\">\n\t\t\t\t\t\t\t\t\t<a itemprop=\"image\" class=\"qode-aig-lightbox qode-block-drag-link\" href=\"https:\/\/www.textilux.com\/wp-content\/uploads\/2019\/12\/sombreador_direito_01.jpg\" data-rel=\"prettyPhoto[image_gallery_pretty_photo-860]\" title=\"sombreador_direito_01\">\n\t\t\t\t\t\t\t\t\t<img loading=\"lazy\" decoding=\"async\" width=\"800\" height=\"450\" src=\"https:\/\/www.textilux.com\/wp-content\/uploads\/2019\/12\/sombreador_direito_01.jpg\" class=\"attachment-full size-full\" alt=\"\" srcset=\"https:\/\/www.textilux.com\/wp-content\/uploads\/2019\/12\/sombreador_direito_01.jpg 800w, https:\/\/www.textilux.com\/wp-content\/uploads\/2019\/12\/sombreador_direito_01-300x169.jpg 300w, https:\/\/www.textilux.com\/wp-content\/uploads\/2019\/12\/sombreador_direito_01-768x432.jpg 768w, https:\/\/www.textilux.com\/wp-content\/uploads\/2019\/12\/sombreador_direito_01-700x394.jpg 700w, https:\/\/www.textilux.com\/wp-content\/uploads\/2019\/12\/sombreador_direito_01-539x303.jpg 539w\" sizes=\"auto, (max-width: 800px) 100vw, 800px\" \/>\t\t\t\t\t<span class=\"aig-gallery-hover\">\n\t\t\t\t\t\t\t\t\t\t\t\t\t<span class=\"icon-arrows-plus\"><\/span> \n\t\t\t\t\t\t\t\t\t\t\t<\/span>\n\t\t\t\t\t\t\t\t\t<\/a>\n\t\t\t\t\t\t\t<\/div>\n\t\t\t\t\t<div class=\"qode-aig-image\">\n\t\t\t\t\t\t\t\t\t<a itemprop=\"image\" class=\"qode-aig-lightbox qode-block-drag-link\" href=\"https:\/\/www.textilux.com\/wp-content\/uploads\/2019\/12\/sombreador_direito_02.jpg\" data-rel=\"prettyPhoto[image_gallery_pretty_photo-860]\" title=\"sombreador_direito_02\">\n\t\t\t\t\t\t\t\t\t<img loading=\"lazy\" decoding=\"async\" width=\"800\" height=\"450\" src=\"https:\/\/www.textilux.com\/wp-content\/uploads\/2019\/12\/sombreador_direito_02.jpg\" class=\"attachment-full size-full\" alt=\"\" srcset=\"https:\/\/www.textilux.com\/wp-content\/uploads\/2019\/12\/sombreador_direito_02.jpg 800w, https:\/\/www.textilux.com\/wp-content\/uploads\/2019\/12\/sombreador_direito_02-300x169.jpg 300w, https:\/\/www.textilux.com\/wp-content\/uploads\/2019\/12\/sombreador_direito_02-768x432.jpg 768w, https:\/\/www.textilux.com\/wp-content\/uploads\/2019\/12\/sombreador_direito_02-700x394.jpg 700w, https:\/\/www.textilux.com\/wp-content\/uploads\/2019\/12\/sombreador_direito_02-539x303.jpg 539w\" sizes=\"auto, (max-width: 800px) 100vw, 800px\" \/>\t\t\t\t\t<span class=\"aig-gallery-hover\">\n\t\t\t\t\t\t\t\t\t\t\t\t\t<span class=\"icon-arrows-plus\"><\/span> \n\t\t\t\t\t\t\t\t\t\t\t<\/span>\n\t\t\t\t\t\t\t\t\t<\/a>\n\t\t\t\t\t\t\t<\/div>\n\t\t\t\t\t<div class=\"qode-aig-image\">\n\t\t\t\t\t\t\t\t\t<a itemprop=\"image\" class=\"qode-aig-lightbox qode-block-drag-link\" href=\"https:\/\/www.textilux.com\/wp-content\/uploads\/2019\/12\/sombreador_direito_03.jpg\" data-rel=\"prettyPhoto[image_gallery_pretty_photo-860]\" title=\"sombreador_direito_03\">\n\t\t\t\t\t\t\t\t\t<img loading=\"lazy\" decoding=\"async\" width=\"800\" height=\"450\" src=\"https:\/\/www.textilux.com\/wp-content\/uploads\/2019\/12\/sombreador_direito_03.jpg\" class=\"attachment-full size-full\" alt=\"\" srcset=\"https:\/\/www.textilux.com\/wp-content\/uploads\/2019\/12\/sombreador_direito_03.jpg 800w, https:\/\/www.textilux.com\/wp-content\/uploads\/2019\/12\/sombreador_direito_03-300x169.jpg 300w, https:\/\/www.textilux.com\/wp-content\/uploads\/2019\/12\/sombreador_direito_03-768x432.jpg 768w, https:\/\/www.textilux.com\/wp-content\/uploads\/2019\/12\/sombreador_direito_03-700x394.jpg 700w, https:\/\/www.textilux.com\/wp-content\/uploads\/2019\/12\/sombreador_direito_03-539x303.jpg 539w\" sizes=\"auto, (max-width: 800px) 100vw, 800px\" \/>\t\t\t\t\t<span class=\"aig-gallery-hover\">\n\t\t\t\t\t\t\t\t\t\t\t\t\t<span class=\"icon-arrows-plus\"><\/span> \n\t\t\t\t\t\t\t\t\t\t\t<\/span>\n\t\t\t\t\t\t\t\t\t<\/a>\n\t\t\t\t\t\t\t<\/div>\n\t\t\t\t\t<div class=\"qode-aig-image\">\n\t\t\t\t\t\t\t\t\t<a itemprop=\"image\" class=\"qode-aig-lightbox qode-block-drag-link\" href=\"https:\/\/www.textilux.com\/wp-content\/uploads\/2019\/12\/sombreador_direito_04.jpg\" data-rel=\"prettyPhoto[image_gallery_pretty_photo-860]\" title=\"sombreador_direito_04\">\n\t\t\t\t\t\t\t\t\t<img loading=\"lazy\" decoding=\"async\" width=\"800\" height=\"450\" src=\"https:\/\/www.textilux.com\/wp-content\/uploads\/2019\/12\/sombreador_direito_04.jpg\" class=\"attachment-full size-full\" alt=\"\" srcset=\"https:\/\/www.textilux.com\/wp-content\/uploads\/2019\/12\/sombreador_direito_04.jpg 800w, https:\/\/www.textilux.com\/wp-content\/uploads\/2019\/12\/sombreador_direito_04-300x169.jpg 300w, https:\/\/www.textilux.com\/wp-content\/uploads\/2019\/12\/sombreador_direito_04-768x432.jpg 768w, https:\/\/www.textilux.com\/wp-content\/uploads\/2019\/12\/sombreador_direito_04-700x394.jpg 700w, https:\/\/www.textilux.com\/wp-content\/uploads\/2019\/12\/sombreador_direito_04-539x303.jpg 539w\" sizes=\"auto, (max-width: 800px) 100vw, 800px\" \/>\t\t\t\t\t<span class=\"aig-gallery-hover\">\n\t\t\t\t\t\t\t\t\t\t\t\t\t<span class=\"icon-arrows-plus\"><\/span> \n\t\t\t\t\t\t\t\t\t\t\t<\/span>\n\t\t\t\t\t\t\t\t\t<\/a>\n\t\t\t\t\t\t\t<\/div>\n\t\t\t\t\t<div class=\"qode-aig-image\">\n\t\t\t\t\t\t\t\t\t<a itemprop=\"image\" class=\"qode-aig-lightbox qode-block-drag-link\" href=\"https:\/\/www.textilux.com\/wp-content\/uploads\/2019\/12\/sombreador_direito_05.jpg\" data-rel=\"prettyPhoto[image_gallery_pretty_photo-860]\" title=\"sombreador_direito_05\">\n\t\t\t\t\t\t\t\t\t<img loading=\"lazy\" decoding=\"async\" width=\"800\" height=\"450\" src=\"https:\/\/www.textilux.com\/wp-content\/uploads\/2019\/12\/sombreador_direito_05.jpg\" class=\"attachment-full size-full\" alt=\"\" srcset=\"https:\/\/www.textilux.com\/wp-content\/uploads\/2019\/12\/sombreador_direito_05.jpg 800w, https:\/\/www.textilux.com\/wp-content\/uploads\/2019\/12\/sombreador_direito_05-300x169.jpg 300w, https:\/\/www.textilux.com\/wp-content\/uploads\/2019\/12\/sombreador_direito_05-768x432.jpg 768w, https:\/\/www.textilux.com\/wp-content\/uploads\/2019\/12\/sombreador_direito_05-700x394.jpg 700w, https:\/\/www.textilux.com\/wp-content\/uploads\/2019\/12\/sombreador_direito_05-539x303.jpg 539w\" sizes=\"auto, (max-width: 800px) 100vw, 800px\" \/>\t\t\t\t\t<span class=\"aig-gallery-hover\">\n\t\t\t\t\t\t\t\t\t\t\t\t\t<span class=\"icon-arrows-plus\"><\/span> \n\t\t\t\t\t\t\t\t\t\t\t<\/span>\n\t\t\t\t\t\t\t\t\t<\/a>\n\t\t\t\t\t\t\t<\/div>\n\t\t\t\t\t<div class=\"qode-aig-image\">\n\t\t\t\t\t\t\t\t\t<a itemprop=\"image\" class=\"qode-aig-lightbox qode-block-drag-link\" href=\"https:\/\/www.textilux.com\/wp-content\/uploads\/2020\/02\/sombreador_direito.jpg\" data-rel=\"prettyPhoto[image_gallery_pretty_photo-860]\" title=\"sombreador_direito\">\n\t\t\t\t\t\t\t\t\t<img loading=\"lazy\" decoding=\"async\" width=\"800\" height=\"450\" src=\"https:\/\/www.textilux.com\/wp-content\/uploads\/2020\/02\/sombreador_direito.jpg\" class=\"attachment-full size-full\" alt=\"\" srcset=\"https:\/\/www.textilux.com\/wp-content\/uploads\/2020\/02\/sombreador_direito.jpg 800w, https:\/\/www.textilux.com\/wp-content\/uploads\/2020\/02\/sombreador_direito-300x169.jpg 300w, https:\/\/www.textilux.com\/wp-content\/uploads\/2020\/02\/sombreador_direito-768x432.jpg 768w, https:\/\/www.textilux.com\/wp-content\/uploads\/2020\/02\/sombreador_direito-700x394.jpg 700w, https:\/\/www.textilux.com\/wp-content\/uploads\/2020\/02\/sombreador_direito-539x303.jpg 539w\" sizes=\"auto, (max-width: 800px) 100vw, 800px\" \/>\t\t\t\t\t<span class=\"aig-gallery-hover\">\n\t\t\t\t\t\t\t\t\t\t\t\t\t<span class=\"icon-arrows-plus\"><\/span> \n\t\t\t\t\t\t\t\t\t\t\t<\/span>\n\t\t\t\t\t\t\t\t\t<\/a>\n\t\t\t\t\t\t\t<\/div>\n\t\t\t\t\t<div class=\"qode-aig-image\">\n\t\t\t\t\t\t\t\t\t<a itemprop=\"image\" class=\"qode-aig-lightbox qode-block-drag-link\" href=\"https:\/\/www.textilux.com\/wp-content\/uploads\/2020\/02\/sombreador_direito_2.jpg\" data-rel=\"prettyPhoto[image_gallery_pretty_photo-860]\" title=\"sombreador_direito_2\">\n\t\t\t\t\t\t\t\t\t<img loading=\"lazy\" decoding=\"async\" width=\"800\" height=\"450\" src=\"https:\/\/www.textilux.com\/wp-content\/uploads\/2020\/02\/sombreador_direito_2.jpg\" class=\"attachment-full size-full\" alt=\"\" srcset=\"https:\/\/www.textilux.com\/wp-content\/uploads\/2020\/02\/sombreador_direito_2.jpg 800w, https:\/\/www.textilux.com\/wp-content\/uploads\/2020\/02\/sombreador_direito_2-300x169.jpg 300w, https:\/\/www.textilux.com\/wp-content\/uploads\/2020\/02\/sombreador_direito_2-768x432.jpg 768w, https:\/\/www.textilux.com\/wp-content\/uploads\/2020\/02\/sombreador_direito_2-700x394.jpg 700w, https:\/\/www.textilux.com\/wp-content\/uploads\/2020\/02\/sombreador_direito_2-539x303.jpg 539w\" sizes=\"auto, (max-width: 800px) 100vw, 800px\" \/>\t\t\t\t\t<span class=\"aig-gallery-hover\">\n\t\t\t\t\t\t\t\t\t\t\t\t\t<span class=\"icon-arrows-plus\"><\/span> \n\t\t\t\t\t\t\t\t\t\t\t<\/span>\n\t\t\t\t\t\t\t\t\t<\/a>\n\t\t\t\t\t\t\t<\/div>\n\t\t\t<\/div>\n<\/div>[\/qode_elements_holder_item][qode_elements_holder_item advanced_animations=&#8221;no&#8221; item_padding=&#8221;40px&#8221;][vc_column_text]<\/p>\n<h2 style=\"text-align: left;\">Shading Systems &#8211; Straight Model<\/h2>\n<p>[\/vc_column_text][vc_empty_space height=&#8221;10px&#8221;][vc_column_text]Straight model sunshades are made to measure and are used in a wide range of spaces such as: homes, hotels, car parks, shopping centres, playgrounds, kindergartens, schools, etc.<\/p>\n<p>As this model only has two poles, it is excellent for when people want to park quickly and easily. This system consists of a metal structure lacquered in the RAL colour defined by the client.<\/p>\n<p>For the cover we have the following materials: PVC fabric, polyethylene Ultrablock and Driz (Rainblock).<br \/>\nAsk our staff now for a free, no-obligation quote for our straight model sunshades.[\/vc_column_text][\/qode_elements_holder_item][\/qode_elements_holder][\/vc_column][\/vc_row][vc_row css_animation=&#8221;&#8221; row_type=&#8221;row&#8221; use_row_as_full_screen_section=&#8221;no&#8221; type=&#8221;full_width&#8221; angled_section=&#8221;no&#8221; text_align=&#8221;left&#8221; background_image_as_pattern=&#8221;without_pattern&#8221; row_negative_margin=&#8221;disable_negative_margin&#8221; css=&#8221;.vc_custom_1529415140766{background-color: #f6f6f6 !important;}&#8221; z_index=&#8221;&#8221; el_class=&#8221;custom_reverse_order&#8221;][vc_column][qode_elements_holder number_of_columns=&#8221;two_columns&#8221; switch_to_one_column=&#8221;768&#8243; alignment_one_column=&#8221;right&#8221;][qode_elements_holder_item advanced_animations=&#8221;no&#8221; item_padding=&#8221;40px&#8221;][vc_column_text]<\/p>\n<h2 style=\"text-align: left;\">Shading Systems &#8211; Oblique Model<\/h2>\n<p>[\/vc_column_text][vc_empty_space height=&#8221;10px&#8221;][vc_column_text]Oblique shades, used mostly in car parks and stands, are considered visually very elegant. We manufacture custom-made shades in the colour of the customer&#8217;s choice, both for the roof and the structure. For the cover we have the following materials: PVC fabric, polyethylene Ultrablock and Driz (Rainblock).<\/p>\n<p>For further technical information on our oblique models, namely in terms of prices, please do not hesitate to contact our company which has specialised in this field for over 10 years.[\/vc_column_text][\/qode_elements_holder_item][qode_elements_holder_item vertical_alignment=&#8221;middle&#8221; horizontal_alignment=&#8221;center&#8221; advanced_animations=&#8221;no&#8221;]<div class=\"qode-advanced-image-gallery  qode-aig-slider-type qode-tiny-space  qode-image-behavior-lightbox \">\n\t<div class=\"qode-aig-slider qode-owl-slider\" data-number-of-items=\"1\" data-enable-loop=\"yes\" data-enable-autoplay=\"yes\" data-slider-speed=\"5000\" data-slider-speed-animation=\"600\" data-slider-padding=\"no\" data-enable-navigation=\"yes\" data-enable-pagination=\"no\">\n\t\t\t\t\t<div class=\"qode-aig-image\">\n\t\t\t\t\t\t\t\t\t<a itemprop=\"image\" class=\"qode-aig-lightbox qode-block-drag-link\" href=\"https:\/\/www.textilux.com\/wp-content\/uploads\/2019\/12\/sombreador_inclinado_01.jpg\" data-rel=\"prettyPhoto[image_gallery_pretty_photo-594]\" title=\"sombreador_inclinado_01\">\n\t\t\t\t\t\t\t\t\t<img loading=\"lazy\" decoding=\"async\" width=\"800\" height=\"450\" src=\"https:\/\/www.textilux.com\/wp-content\/uploads\/2019\/12\/sombreador_inclinado_01.jpg\" class=\"attachment-full size-full\" alt=\"\" srcset=\"https:\/\/www.textilux.com\/wp-content\/uploads\/2019\/12\/sombreador_inclinado_01.jpg 800w, https:\/\/www.textilux.com\/wp-content\/uploads\/2019\/12\/sombreador_inclinado_01-300x169.jpg 300w, https:\/\/www.textilux.com\/wp-content\/uploads\/2019\/12\/sombreador_inclinado_01-768x432.jpg 768w, https:\/\/www.textilux.com\/wp-content\/uploads\/2019\/12\/sombreador_inclinado_01-700x394.jpg 700w, https:\/\/www.textilux.com\/wp-content\/uploads\/2019\/12\/sombreador_inclinado_01-539x303.jpg 539w\" sizes=\"auto, (max-width: 800px) 100vw, 800px\" \/>\t\t\t\t\t<span class=\"aig-gallery-hover\">\n\t\t\t\t\t\t\t\t\t\t\t\t\t<span class=\"icon-arrows-plus\"><\/span> \n\t\t\t\t\t\t\t\t\t\t\t<\/span>\n\t\t\t\t\t\t\t\t\t<\/a>\n\t\t\t\t\t\t\t<\/div>\n\t\t\t\t\t<div class=\"qode-aig-image\">\n\t\t\t\t\t\t\t\t\t<a itemprop=\"image\" class=\"qode-aig-lightbox qode-block-drag-link\" href=\"https:\/\/www.textilux.com\/wp-content\/uploads\/2019\/12\/sombreador_inclinado_02.jpg\" data-rel=\"prettyPhoto[image_gallery_pretty_photo-594]\" title=\"sombreador_inclinado_02\">\n\t\t\t\t\t\t\t\t\t<img loading=\"lazy\" decoding=\"async\" width=\"800\" height=\"450\" src=\"https:\/\/www.textilux.com\/wp-content\/uploads\/2019\/12\/sombreador_inclinado_02.jpg\" class=\"attachment-full size-full\" alt=\"\" srcset=\"https:\/\/www.textilux.com\/wp-content\/uploads\/2019\/12\/sombreador_inclinado_02.jpg 800w, https:\/\/www.textilux.com\/wp-content\/uploads\/2019\/12\/sombreador_inclinado_02-300x169.jpg 300w, https:\/\/www.textilux.com\/wp-content\/uploads\/2019\/12\/sombreador_inclinado_02-768x432.jpg 768w, https:\/\/www.textilux.com\/wp-content\/uploads\/2019\/12\/sombreador_inclinado_02-700x394.jpg 700w, https:\/\/www.textilux.com\/wp-content\/uploads\/2019\/12\/sombreador_inclinado_02-539x303.jpg 539w\" sizes=\"auto, (max-width: 800px) 100vw, 800px\" \/>\t\t\t\t\t<span class=\"aig-gallery-hover\">\n\t\t\t\t\t\t\t\t\t\t\t\t\t<span class=\"icon-arrows-plus\"><\/span> \n\t\t\t\t\t\t\t\t\t\t\t<\/span>\n\t\t\t\t\t\t\t\t\t<\/a>\n\t\t\t\t\t\t\t<\/div>\n\t\t\t\t\t<div class=\"qode-aig-image\">\n\t\t\t\t\t\t\t\t\t<a itemprop=\"image\" class=\"qode-aig-lightbox qode-block-drag-link\" href=\"https:\/\/www.textilux.com\/wp-content\/uploads\/2019\/12\/sombreador_inclinado_03.jpg\" data-rel=\"prettyPhoto[image_gallery_pretty_photo-594]\" title=\"sombreador_inclinado_03\">\n\t\t\t\t\t\t\t\t\t<img loading=\"lazy\" decoding=\"async\" width=\"800\" height=\"450\" src=\"https:\/\/www.textilux.com\/wp-content\/uploads\/2019\/12\/sombreador_inclinado_03.jpg\" class=\"attachment-full size-full\" alt=\"\" srcset=\"https:\/\/www.textilux.com\/wp-content\/uploads\/2019\/12\/sombreador_inclinado_03.jpg 800w, https:\/\/www.textilux.com\/wp-content\/uploads\/2019\/12\/sombreador_inclinado_03-300x169.jpg 300w, https:\/\/www.textilux.com\/wp-content\/uploads\/2019\/12\/sombreador_inclinado_03-768x432.jpg 768w, https:\/\/www.textilux.com\/wp-content\/uploads\/2019\/12\/sombreador_inclinado_03-700x394.jpg 700w, https:\/\/www.textilux.com\/wp-content\/uploads\/2019\/12\/sombreador_inclinado_03-539x303.jpg 539w\" sizes=\"auto, (max-width: 800px) 100vw, 800px\" \/>\t\t\t\t\t<span class=\"aig-gallery-hover\">\n\t\t\t\t\t\t\t\t\t\t\t\t\t<span class=\"icon-arrows-plus\"><\/span> \n\t\t\t\t\t\t\t\t\t\t\t<\/span>\n\t\t\t\t\t\t\t\t\t<\/a>\n\t\t\t\t\t\t\t<\/div>\n\t\t\t\t\t<div class=\"qode-aig-image\">\n\t\t\t\t\t\t\t\t\t<a itemprop=\"image\" class=\"qode-aig-lightbox qode-block-drag-link\" href=\"https:\/\/www.textilux.com\/wp-content\/uploads\/2019\/12\/sombreador_inclinado_04.jpg\" data-rel=\"prettyPhoto[image_gallery_pretty_photo-594]\" title=\"sombreador_inclinado_04\">\n\t\t\t\t\t\t\t\t\t<img loading=\"lazy\" decoding=\"async\" width=\"800\" height=\"450\" src=\"https:\/\/www.textilux.com\/wp-content\/uploads\/2019\/12\/sombreador_inclinado_04.jpg\" class=\"attachment-full size-full\" alt=\"\" srcset=\"https:\/\/www.textilux.com\/wp-content\/uploads\/2019\/12\/sombreador_inclinado_04.jpg 800w, https:\/\/www.textilux.com\/wp-content\/uploads\/2019\/12\/sombreador_inclinado_04-300x169.jpg 300w, https:\/\/www.textilux.com\/wp-content\/uploads\/2019\/12\/sombreador_inclinado_04-768x432.jpg 768w, https:\/\/www.textilux.com\/wp-content\/uploads\/2019\/12\/sombreador_inclinado_04-700x394.jpg 700w, https:\/\/www.textilux.com\/wp-content\/uploads\/2019\/12\/sombreador_inclinado_04-539x303.jpg 539w\" sizes=\"auto, (max-width: 800px) 100vw, 800px\" \/>\t\t\t\t\t<span class=\"aig-gallery-hover\">\n\t\t\t\t\t\t\t\t\t\t\t\t\t<span class=\"icon-arrows-plus\"><\/span> \n\t\t\t\t\t\t\t\t\t\t\t<\/span>\n\t\t\t\t\t\t\t\t\t<\/a>\n\t\t\t\t\t\t\t<\/div>\n\t\t\t\t\t<div class=\"qode-aig-image\">\n\t\t\t\t\t\t\t\t\t<a itemprop=\"image\" class=\"qode-aig-lightbox qode-block-drag-link\" href=\"https:\/\/www.textilux.com\/wp-content\/uploads\/2019\/12\/sombreador_inclinado_05.jpg\" data-rel=\"prettyPhoto[image_gallery_pretty_photo-594]\" title=\"sombreador_inclinado_05\">\n\t\t\t\t\t\t\t\t\t<img loading=\"lazy\" decoding=\"async\" width=\"800\" height=\"450\" src=\"https:\/\/www.textilux.com\/wp-content\/uploads\/2019\/12\/sombreador_inclinado_05.jpg\" class=\"attachment-full size-full\" alt=\"\" srcset=\"https:\/\/www.textilux.com\/wp-content\/uploads\/2019\/12\/sombreador_inclinado_05.jpg 800w, https:\/\/www.textilux.com\/wp-content\/uploads\/2019\/12\/sombreador_inclinado_05-300x169.jpg 300w, https:\/\/www.textilux.com\/wp-content\/uploads\/2019\/12\/sombreador_inclinado_05-768x432.jpg 768w, https:\/\/www.textilux.com\/wp-content\/uploads\/2019\/12\/sombreador_inclinado_05-700x394.jpg 700w, https:\/\/www.textilux.com\/wp-content\/uploads\/2019\/12\/sombreador_inclinado_05-539x303.jpg 539w\" sizes=\"auto, (max-width: 800px) 100vw, 800px\" \/>\t\t\t\t\t<span class=\"aig-gallery-hover\">\n\t\t\t\t\t\t\t\t\t\t\t\t\t<span class=\"icon-arrows-plus\"><\/span> \n\t\t\t\t\t\t\t\t\t\t\t<\/span>\n\t\t\t\t\t\t\t\t\t<\/a>\n\t\t\t\t\t\t\t<\/div>\n\t\t\t\t\t<div class=\"qode-aig-image\">\n\t\t\t\t\t\t\t\t\t<a itemprop=\"image\" class=\"qode-aig-lightbox qode-block-drag-link\" href=\"https:\/\/www.textilux.com\/wp-content\/uploads\/2019\/12\/sombreador_inclinado_06.jpg\" data-rel=\"prettyPhoto[image_gallery_pretty_photo-594]\" title=\"sombreador_inclinado_06\">\n\t\t\t\t\t\t\t\t\t<img loading=\"lazy\" decoding=\"async\" width=\"800\" height=\"450\" src=\"https:\/\/www.textilux.com\/wp-content\/uploads\/2019\/12\/sombreador_inclinado_06.jpg\" class=\"attachment-full size-full\" alt=\"\" srcset=\"https:\/\/www.textilux.com\/wp-content\/uploads\/2019\/12\/sombreador_inclinado_06.jpg 800w, https:\/\/www.textilux.com\/wp-content\/uploads\/2019\/12\/sombreador_inclinado_06-300x169.jpg 300w, https:\/\/www.textilux.com\/wp-content\/uploads\/2019\/12\/sombreador_inclinado_06-768x432.jpg 768w, https:\/\/www.textilux.com\/wp-content\/uploads\/2019\/12\/sombreador_inclinado_06-700x394.jpg 700w, https:\/\/www.textilux.com\/wp-content\/uploads\/2019\/12\/sombreador_inclinado_06-539x303.jpg 539w\" sizes=\"auto, (max-width: 800px) 100vw, 800px\" \/>\t\t\t\t\t<span class=\"aig-gallery-hover\">\n\t\t\t\t\t\t\t\t\t\t\t\t\t<span class=\"icon-arrows-plus\"><\/span> \n\t\t\t\t\t\t\t\t\t\t\t<\/span>\n\t\t\t\t\t\t\t\t\t<\/a>\n\t\t\t\t\t\t\t<\/div>\n\t\t\t\t\t<div class=\"qode-aig-image\">\n\t\t\t\t\t\t\t\t\t<a itemprop=\"image\" class=\"qode-aig-lightbox qode-block-drag-link\" href=\"https:\/\/www.textilux.com\/wp-content\/uploads\/2019\/12\/sombreador_inclinado_07.jpg\" data-rel=\"prettyPhoto[image_gallery_pretty_photo-594]\" title=\"sombreador_inclinado_07\">\n\t\t\t\t\t\t\t\t\t<img loading=\"lazy\" decoding=\"async\" width=\"800\" height=\"450\" src=\"https:\/\/www.textilux.com\/wp-content\/uploads\/2019\/12\/sombreador_inclinado_07.jpg\" class=\"attachment-full size-full\" alt=\"\" srcset=\"https:\/\/www.textilux.com\/wp-content\/uploads\/2019\/12\/sombreador_inclinado_07.jpg 800w, https:\/\/www.textilux.com\/wp-content\/uploads\/2019\/12\/sombreador_inclinado_07-300x169.jpg 300w, https:\/\/www.textilux.com\/wp-content\/uploads\/2019\/12\/sombreador_inclinado_07-768x432.jpg 768w, https:\/\/www.textilux.com\/wp-content\/uploads\/2019\/12\/sombreador_inclinado_07-700x394.jpg 700w, https:\/\/www.textilux.com\/wp-content\/uploads\/2019\/12\/sombreador_inclinado_07-539x303.jpg 539w\" sizes=\"auto, (max-width: 800px) 100vw, 800px\" \/>\t\t\t\t\t<span class=\"aig-gallery-hover\">\n\t\t\t\t\t\t\t\t\t\t\t\t\t<span class=\"icon-arrows-plus\"><\/span> \n\t\t\t\t\t\t\t\t\t\t\t<\/span>\n\t\t\t\t\t\t\t\t\t<\/a>\n\t\t\t\t\t\t\t<\/div>\n\t\t\t\t\t<div class=\"qode-aig-image\">\n\t\t\t\t\t\t\t\t\t<a itemprop=\"image\" class=\"qode-aig-lightbox qode-block-drag-link\" href=\"https:\/\/www.textilux.com\/wp-content\/uploads\/2019\/12\/sombreador_inclinado_08.jpg\" data-rel=\"prettyPhoto[image_gallery_pretty_photo-594]\" title=\"sombreador_inclinado_08\">\n\t\t\t\t\t\t\t\t\t<img loading=\"lazy\" decoding=\"async\" width=\"800\" height=\"450\" src=\"https:\/\/www.textilux.com\/wp-content\/uploads\/2019\/12\/sombreador_inclinado_08.jpg\" class=\"attachment-full size-full\" alt=\"\" srcset=\"https:\/\/www.textilux.com\/wp-content\/uploads\/2019\/12\/sombreador_inclinado_08.jpg 800w, https:\/\/www.textilux.com\/wp-content\/uploads\/2019\/12\/sombreador_inclinado_08-300x169.jpg 300w, https:\/\/www.textilux.com\/wp-content\/uploads\/2019\/12\/sombreador_inclinado_08-768x432.jpg 768w, https:\/\/www.textilux.com\/wp-content\/uploads\/2019\/12\/sombreador_inclinado_08-700x394.jpg 700w, https:\/\/www.textilux.com\/wp-content\/uploads\/2019\/12\/sombreador_inclinado_08-539x303.jpg 539w\" sizes=\"auto, (max-width: 800px) 100vw, 800px\" \/>\t\t\t\t\t<span class=\"aig-gallery-hover\">\n\t\t\t\t\t\t\t\t\t\t\t\t\t<span class=\"icon-arrows-plus\"><\/span> \n\t\t\t\t\t\t\t\t\t\t\t<\/span>\n\t\t\t\t\t\t\t\t\t<\/a>\n\t\t\t\t\t\t\t<\/div>\n\t\t\t\t\t<div class=\"qode-aig-image\">\n\t\t\t\t\t\t\t\t\t<a itemprop=\"image\" class=\"qode-aig-lightbox qode-block-drag-link\" href=\"https:\/\/www.textilux.com\/wp-content\/uploads\/2019\/12\/sombreador_inclinado_09.jpg\" data-rel=\"prettyPhoto[image_gallery_pretty_photo-594]\" title=\"sombreador_inclinado_09\">\n\t\t\t\t\t\t\t\t\t<img loading=\"lazy\" decoding=\"async\" width=\"800\" height=\"450\" src=\"https:\/\/www.textilux.com\/wp-content\/uploads\/2019\/12\/sombreador_inclinado_09.jpg\" class=\"attachment-full size-full\" alt=\"\" srcset=\"https:\/\/www.textilux.com\/wp-content\/uploads\/2019\/12\/sombreador_inclinado_09.jpg 800w, https:\/\/www.textilux.com\/wp-content\/uploads\/2019\/12\/sombreador_inclinado_09-300x169.jpg 300w, https:\/\/www.textilux.com\/wp-content\/uploads\/2019\/12\/sombreador_inclinado_09-768x432.jpg 768w, https:\/\/www.textilux.com\/wp-content\/uploads\/2019\/12\/sombreador_inclinado_09-700x394.jpg 700w, https:\/\/www.textilux.com\/wp-content\/uploads\/2019\/12\/sombreador_inclinado_09-539x303.jpg 539w\" sizes=\"auto, (max-width: 800px) 100vw, 800px\" \/>\t\t\t\t\t<span class=\"aig-gallery-hover\">\n\t\t\t\t\t\t\t\t\t\t\t\t\t<span class=\"icon-arrows-plus\"><\/span> \n\t\t\t\t\t\t\t\t\t\t\t<\/span>\n\t\t\t\t\t\t\t\t\t<\/a>\n\t\t\t\t\t\t\t<\/div>\n\t\t\t\t\t<div class=\"qode-aig-image\">\n\t\t\t\t\t\t\t\t\t<a itemprop=\"image\" class=\"qode-aig-lightbox qode-block-drag-link\" href=\"https:\/\/www.textilux.com\/wp-content\/uploads\/2019\/12\/sombreador_inclinado_10.jpg\" data-rel=\"prettyPhoto[image_gallery_pretty_photo-594]\" title=\"sombreador_inclinado_10\">\n\t\t\t\t\t\t\t\t\t<img loading=\"lazy\" decoding=\"async\" width=\"800\" height=\"450\" src=\"https:\/\/www.textilux.com\/wp-content\/uploads\/2019\/12\/sombreador_inclinado_10.jpg\" class=\"attachment-full size-full\" alt=\"\" srcset=\"https:\/\/www.textilux.com\/wp-content\/uploads\/2019\/12\/sombreador_inclinado_10.jpg 800w, https:\/\/www.textilux.com\/wp-content\/uploads\/2019\/12\/sombreador_inclinado_10-300x169.jpg 300w, https:\/\/www.textilux.com\/wp-content\/uploads\/2019\/12\/sombreador_inclinado_10-768x432.jpg 768w, https:\/\/www.textilux.com\/wp-content\/uploads\/2019\/12\/sombreador_inclinado_10-700x394.jpg 700w, https:\/\/www.textilux.com\/wp-content\/uploads\/2019\/12\/sombreador_inclinado_10-539x303.jpg 539w\" sizes=\"auto, (max-width: 800px) 100vw, 800px\" \/>\t\t\t\t\t<span class=\"aig-gallery-hover\">\n\t\t\t\t\t\t\t\t\t\t\t\t\t<span class=\"icon-arrows-plus\"><\/span> \n\t\t\t\t\t\t\t\t\t\t\t<\/span>\n\t\t\t\t\t\t\t\t\t<\/a>\n\t\t\t\t\t\t\t<\/div>\n\t\t\t<\/div>\n<\/div>[\/qode_elements_holder_item][\/qode_elements_holder][\/vc_column][\/vc_row][vc_row css_animation=&#8221;&#8221; row_type=&#8221;row&#8221; use_row_as_full_screen_section=&#8221;no&#8221; type=&#8221;full_width&#8221; angled_section=&#8221;no&#8221; text_align=&#8221;left&#8221; background_image_as_pattern=&#8221;without_pattern&#8221; row_negative_margin=&#8221;disable_negative_margin&#8221; css=&#8221;.vc_custom_1529403298375{background-color: #f6f6f6 !important;}&#8221; z_index=&#8221;&#8221; el_class=&#8221;custom_reverse_order&#8221;][vc_column el_class=&#8221;product-image&#8221;][qode_elements_holder number_of_columns=&#8221;two_columns&#8221; switch_to_one_column=&#8221;768&#8243; alignment_one_column=&#8221;right&#8221;][qode_elements_holder_item vertical_alignment=&#8221;middle&#8221; horizontal_alignment=&#8221;center&#8221; advanced_animations=&#8221;no&#8221;]<div class=\"qode-advanced-image-gallery  qode-aig-slider-type qode-tiny-space  qode-image-behavior-lightbox \">\n\t<div class=\"qode-aig-slider qode-owl-slider\" data-number-of-items=\"1\" data-enable-loop=\"yes\" data-enable-autoplay=\"yes\" data-slider-speed=\"5000\" data-slider-speed-animation=\"600\" data-slider-padding=\"no\" data-enable-navigation=\"yes\" data-enable-pagination=\"no\">\n\t\t\t\t\t<div class=\"qode-aig-image\">\n\t\t\t\t\t\t\t\t\t<a itemprop=\"image\" class=\"qode-aig-lightbox qode-block-drag-link\" href=\"https:\/\/www.textilux.com\/wp-content\/uploads\/2019\/12\/sombreador_tradicional_01.jpg\" data-rel=\"prettyPhoto[image_gallery_pretty_photo-449]\" title=\"sombreador_tradicional_01\">\n\t\t\t\t\t\t\t\t\t<img loading=\"lazy\" decoding=\"async\" width=\"800\" height=\"450\" src=\"https:\/\/www.textilux.com\/wp-content\/uploads\/2019\/12\/sombreador_tradicional_01.jpg\" class=\"attachment-full size-full\" alt=\"\" srcset=\"https:\/\/www.textilux.com\/wp-content\/uploads\/2019\/12\/sombreador_tradicional_01.jpg 800w, https:\/\/www.textilux.com\/wp-content\/uploads\/2019\/12\/sombreador_tradicional_01-300x169.jpg 300w, https:\/\/www.textilux.com\/wp-content\/uploads\/2019\/12\/sombreador_tradicional_01-768x432.jpg 768w, https:\/\/www.textilux.com\/wp-content\/uploads\/2019\/12\/sombreador_tradicional_01-700x394.jpg 700w, https:\/\/www.textilux.com\/wp-content\/uploads\/2019\/12\/sombreador_tradicional_01-539x303.jpg 539w\" sizes=\"auto, (max-width: 800px) 100vw, 800px\" \/>\t\t\t\t\t<span class=\"aig-gallery-hover\">\n\t\t\t\t\t\t\t\t\t\t\t\t\t<span class=\"icon-arrows-plus\"><\/span> \n\t\t\t\t\t\t\t\t\t\t\t<\/span>\n\t\t\t\t\t\t\t\t\t<\/a>\n\t\t\t\t\t\t\t<\/div>\n\t\t\t\t\t<div class=\"qode-aig-image\">\n\t\t\t\t\t\t\t\t\t<a itemprop=\"image\" class=\"qode-aig-lightbox qode-block-drag-link\" href=\"https:\/\/www.textilux.com\/wp-content\/uploads\/2019\/12\/sombreador_tradicional_02.jpg\" data-rel=\"prettyPhoto[image_gallery_pretty_photo-449]\" title=\"sombreador_tradicional_02\">\n\t\t\t\t\t\t\t\t\t<img loading=\"lazy\" decoding=\"async\" width=\"800\" height=\"450\" src=\"https:\/\/www.textilux.com\/wp-content\/uploads\/2019\/12\/sombreador_tradicional_02.jpg\" class=\"attachment-full size-full\" alt=\"\" srcset=\"https:\/\/www.textilux.com\/wp-content\/uploads\/2019\/12\/sombreador_tradicional_02.jpg 800w, https:\/\/www.textilux.com\/wp-content\/uploads\/2019\/12\/sombreador_tradicional_02-300x169.jpg 300w, https:\/\/www.textilux.com\/wp-content\/uploads\/2019\/12\/sombreador_tradicional_02-768x432.jpg 768w, https:\/\/www.textilux.com\/wp-content\/uploads\/2019\/12\/sombreador_tradicional_02-700x394.jpg 700w, https:\/\/www.textilux.com\/wp-content\/uploads\/2019\/12\/sombreador_tradicional_02-539x303.jpg 539w\" sizes=\"auto, (max-width: 800px) 100vw, 800px\" \/>\t\t\t\t\t<span class=\"aig-gallery-hover\">\n\t\t\t\t\t\t\t\t\t\t\t\t\t<span class=\"icon-arrows-plus\"><\/span> \n\t\t\t\t\t\t\t\t\t\t\t<\/span>\n\t\t\t\t\t\t\t\t\t<\/a>\n\t\t\t\t\t\t\t<\/div>\n\t\t\t\t\t<div class=\"qode-aig-image\">\n\t\t\t\t\t\t\t\t\t<a itemprop=\"image\" class=\"qode-aig-lightbox qode-block-drag-link\" href=\"https:\/\/www.textilux.com\/wp-content\/uploads\/2019\/12\/sombreador_tradicional_03.jpg\" data-rel=\"prettyPhoto[image_gallery_pretty_photo-449]\" title=\"sombreador_tradicional_03\">\n\t\t\t\t\t\t\t\t\t<img loading=\"lazy\" decoding=\"async\" width=\"800\" height=\"450\" src=\"https:\/\/www.textilux.com\/wp-content\/uploads\/2019\/12\/sombreador_tradicional_03.jpg\" class=\"attachment-full size-full\" alt=\"\" srcset=\"https:\/\/www.textilux.com\/wp-content\/uploads\/2019\/12\/sombreador_tradicional_03.jpg 800w, https:\/\/www.textilux.com\/wp-content\/uploads\/2019\/12\/sombreador_tradicional_03-300x169.jpg 300w, https:\/\/www.textilux.com\/wp-content\/uploads\/2019\/12\/sombreador_tradicional_03-768x432.jpg 768w, https:\/\/www.textilux.com\/wp-content\/uploads\/2019\/12\/sombreador_tradicional_03-700x394.jpg 700w, https:\/\/www.textilux.com\/wp-content\/uploads\/2019\/12\/sombreador_tradicional_03-539x303.jpg 539w\" sizes=\"auto, (max-width: 800px) 100vw, 800px\" \/>\t\t\t\t\t<span class=\"aig-gallery-hover\">\n\t\t\t\t\t\t\t\t\t\t\t\t\t<span class=\"icon-arrows-plus\"><\/span> \n\t\t\t\t\t\t\t\t\t\t\t<\/span>\n\t\t\t\t\t\t\t\t\t<\/a>\n\t\t\t\t\t\t\t<\/div>\n\t\t\t<\/div>\n<\/div>[\/qode_elements_holder_item][qode_elements_holder_item advanced_animations=&#8221;no&#8221; item_padding=&#8221;40px&#8221;][vc_column_text]<\/p>\n<h2 style=\"text-align: left;\">Shading Systems &#8211; Traditional Model<\/h2>\n<p>[\/vc_column_text][vc_empty_space height=&#8221;10px&#8221;][vc_column_text]Unlike the straight or oblique shade formats, the traditional model has a metal structure with four poles. This is used in a wide range of spaces such as: residences, hotels, car parks, shopping centres, playgrounds, kindergartens, schools, etc.<\/p>\n<p>This model is easily adaptable to the space of each client and it is possible to install in different ways, with four poles, two poles or even without poles when installed between walls.<\/p>\n<p>For the cover we have the following materials: PVC fabric, polyethylene Ultrablock and Driz (Rainblock).<\/p>\n<p>If you have any further questions about our traditional shade model, please contact our team of highly qualified professionals. Guaranteed quality and innovation.[\/vc_column_text][\/qode_elements_holder_item][\/qode_elements_holder][\/vc_column][\/vc_row][vc_row css_animation=&#8221;&#8221; row_type=&#8221;row&#8221; use_row_as_full_screen_section=&#8221;no&#8221; type=&#8221;full_width&#8221; angled_section=&#8221;no&#8221; text_align=&#8221;left&#8221; background_image_as_pattern=&#8221;without_pattern&#8221; row_negative_margin=&#8221;disable_negative_margin&#8221; z_index=&#8221;&#8221; css=&#8221;.vc_custom_1529416802014{padding-top: 50px !important;}&#8221;][vc_column][qode_elements_holder number_of_columns=&#8221;two_columns&#8221;][qode_elements_holder_item advanced_animations=&#8221;no&#8221; item_padding=&#8221;0 40px 40px 40px&#8221;][vc_column_text]<\/p>\n<h2 style=\"text-align: left;\">Manufacture and Assembly of Shading Systems<\/h2>\n<p>[\/vc_column_text][vc_empty_space height=&#8221;10px&#8221;][vc_column_text]Textilux is a company that manufactures, installs and provides all technical assistance for shading systems in a wide variety of formats such as oblique, straight, traditional, double or sail models. Their structure is made up of metal alloys lacquered in the desired colour. Shading systems can be manufactured in standard or other sizes to suit your space.<\/p>\n<p>Various types of materials are available for the cover such as PVC fabric, micro-perforated high-density polyethylene or polyethylene Dryz with an expressive colour palette.<\/p>\n<p>These models can be seen particularly in industrial areas, supermarkets and stands. Over time, however, given their effectiveness and versatility, shading systems have also increasingly become part of the urban landscape of collective spaces such as swimming pools, gardens, patios, water parks, children\u2019s playgrounds and parks for hotels, catering in general and residences.[\/vc_column_text][\/qode_elements_holder_item][qode_elements_holder_item cover=&#8221;yes&#8221; vertical_alignment=&#8221;top&#8221; advanced_animations=&#8221;no&#8221; background_image=&#8221;17927&#8243;][vc_empty_space height=&#8221;350px&#8221;][\/qode_elements_holder_item][\/qode_elements_holder][\/vc_column][\/vc_row][vc_row css_animation=&#8221;&#8221; row_type=&#8221;row&#8221; use_row_as_full_screen_section=&#8221;no&#8221; type=&#8221;grid&#8221; angled_section=&#8221;no&#8221; text_align=&#8221;left&#8221; background_image_as_pattern=&#8221;without_pattern&#8221; css=&#8221;.vc_custom_1529401181681{padding-top: 30px !important;padding-bottom: 20px !important;background-color: #c1272d !important;}&#8221; z_index=&#8221;&#8221;][vc_column][vc_column_text]<\/p>\n<p style=\"color: white; text-align: center; font-size: 13px;\"><strong>Sombreadores Algarve: Faro | Portim\u00e3o | Loul\u00e9 | Albufeira | Vilamoura | Almancil | Tavira | Lagoa | Vila Real de Santo Ant\u00f3nio | Lagos | Vila do Bispo | Sagres | Silves | Monchique | Alcoutim | Castro Marim | S\u00e3o Br\u00e1s de Alportel | Olh\u00e3o | Estoi | Fuseta | Moncarapacho | Quarteira | Altura | Vila Nova de Cacela | Alte | Aljezur | Parchal | Porches | Alcantarilha | Guia | Ferreiras | Paderne | Boliqueime | Mexilhoeira Grande | Est\u00f4mbar | Arma\u00e7\u00e3o de Pera | Carvoeiro | Ferragudo | Alvor |<\/strong><\/p>\n<p>[\/vc_column_text][\/vc_column][\/vc_row][vc_row css_animation=&#8221;&#8221; row_type=&#8221;row&#8221; use_row_as_full_screen_section=&#8221;no&#8221; type=&#8221;full_width&#8221; angled_section=&#8221;no&#8221; text_align=&#8221;left&#8221; background_image_as_pattern=&#8221;without_pattern&#8221; css=&#8221;.vc_custom_1529400658624{background-color: #c1272d !important;background-position: center !important;background-repeat: no-repeat !important;background-size: cover !important;}&#8221; z_index=&#8221;&#8221;][vc_column css=&#8221;.vc_custom_1576080802818{padding-top: 110px !important;padding-bottom: 80px !important;background-image: url(https:\/\/www.textilux.com\/wp-content\/uploads\/2019\/12\/orcamneto-toldos-1024&#215;576.jpg?id=17180) !important;background-position: center !important;background-repeat: no-repeat !important;background-size: cover !important;}&#8221; el_class=&#8221;bottom-shape&#8221;][vc_column_text]<\/p>\n<h2 style=\"color: white; text-align: center; font-weight: 500;\">Pe\u00e7a o Seu Or\u00e7amento<\/h2>\n<p>[\/vc_column_text][vc_empty_space height=&#8221;20&#8243;][vc_row_inner row_type=&#8221;row&#8221; type=&#8221;grid&#8221; text_align=&#8221;left&#8221; css_animation=&#8221;&#8221;][vc_column_inner width=&#8221;1\/6&#8243;][\/vc_column_inner][vc_column_inner el_class=&#8221;center-button&#8221; width=&#8221;2\/3&#8243;][vc_column_text]<\/p>\n<h4 style=\"text-align: center; color: white; font-weight: 500;\">Se ficou interessado em algum dos nossos servi\u00e7os n\u00e3o hesite em pedir o seu or\u00e7amento.<\/h4>\n<p>[\/vc_column_text][vc_empty_space]<a  itemprop=\"url\" href=\"https:\/\/www.textilux.com\/contactos\/\" target=\"_self\" data-hover-background-color='#ffffff' data-hover-color='#c1272d' class=\"qbutton  large default\" style=\"background-color: #c1272d;\">Pedir Or\u00e7amento<\/a>[\/vc_column_inner][vc_column_inner width=&#8221;1\/6&#8243;][\/vc_column_inner][\/vc_row_inner][\/vc_column][\/vc_row]<\/p>\n","protected":false},"excerpt":{"rendered":"<p>[vc_row css_animation=&#8221;&#8221; row_type=&#8221;row&#8221; use_row_as_full_screen_section=&#8221;no&#8221; type=&#8221;full_width&#8221; angled_section=&#8221;no&#8221; text_align=&#8221;left&#8221; background_image_as_pattern=&#8221;without_pattern&#8221; background_image=&#8221;17241&#8243; padding_top=&#8221;200&#8243; padding_bottom=&#8221;200&#8243; css=&#8221;.vc_custom_1731489989288{background-position: center !important;background-repeat: no-repeat !important;background-size: cover !important;}&#8221; z_index=&#8221;&#8221;][vc_column][vc_column_text] Shading Systems [\/vc_column_text][vc_empty_space height=&#8221;15px&#8221;][vc_column_text] Whether is summer or winter, enjoy your space all year round! [\/vc_column_text][\/vc_column][\/vc_row][vc_row css_animation=&#8221;&#8221; row_type=&#8221;row&#8221; use_row_as_full_screen_section=&#8221;no&#8221; type=&#8221;full_width&#8221; angled_section=&#8221;no&#8221; text_align=&#8221;center&#8221; background_image_as_pattern=&#8221;without_pattern&#8221; z_index=&#8221;&#8221;][vc_column css=&#8221;.vc_custom_1731490002321{margin-top: -25px&#8230;<\/p>\n","protected":false},"author":1,"featured_media":0,"parent":0,"menu_order":0,"comment_status":"closed","ping_status":"closed","template":"","meta":{"footnotes":""},"class_list":["post-17893","page","type-page","status-publish","hentry"],"aioseo_notices":[],"_links":{"self":[{"href":"https:\/\/www.textilux.com\/en\/wp-json\/wp\/v2\/pages\/17893","targetHints":{"allow":["GET"]}}],"collection":[{"href":"https:\/\/www.textilux.com\/en\/wp-json\/wp\/v2\/pages"}],"about":[{"href":"https:\/\/www.textilux.com\/en\/wp-json\/wp\/v2\/types\/page"}],"author":[{"embeddable":true,"href":"https:\/\/www.textilux.com\/en\/wp-json\/wp\/v2\/users\/1"}],"replies":[{"embeddable":true,"href":"https:\/\/www.textilux.com\/en\/wp-json\/wp\/v2\/comments?post=17893"}],"version-history":[{"count":15,"href":"https:\/\/www.textilux.com\/en\/wp-json\/wp\/v2\/pages\/17893\/revisions"}],"predecessor-version":[{"id":18717,"href":"https:\/\/www.textilux.com\/en\/wp-json\/wp\/v2\/pages\/17893\/revisions\/18717"}],"wp:attachment":[{"href":"https:\/\/www.textilux.com\/en\/wp-json\/wp\/v2\/media?parent=17893"}],"curies":[{"name":"wp","href":"https:\/\/api.w.org\/{rel}","templated":true}]}}