{"id":18149,"date":"2020-02-19T14:16:39","date_gmt":"2020-02-19T14:16:39","guid":{"rendered":"https:\/\/www.textilux.com\/?page_id=18149"},"modified":"2024-10-24T17:35:44","modified_gmt":"2024-10-24T16:35:44","slug":"glass-curtains-algarve","status":"publish","type":"page","link":"https:\/\/www.textilux.com\/en\/glass-curtains-algarve\/","title":{"rendered":"Glass Curtains"},"content":{"rendered":"<p>[vc_row css_animation=&#8221;&#8221; row_type=&#8221;row&#8221; use_row_as_full_screen_section=&#8221;no&#8221; type=&#8221;full_width&#8221; angled_section=&#8221;no&#8221; text_align=&#8221;left&#8221; background_image_as_pattern=&#8221;without_pattern&#8221; background_image=&#8221;17461&#8243; padding_top=&#8221;200&#8243; padding_bottom=&#8221;200&#8243; css=&#8221;.vc_custom_1576251577813{background-position: center !important;background-repeat: no-repeat !important;background-size: cover !important;}&#8221; z_index=&#8221;&#8221; el_class=&#8221;hero-shape&#8221;][vc_column][vc_column_text]<\/p>\n<h1 style=\"color: white; text-align: center; font-weight: bold; text-shadow: 1px 1px 5px rgba(0,0,0,0.5);\">Glass Curtains<\/h1>\n<p>[\/vc_column_text][vc_empty_space height=&#8221;15px&#8221;][vc_zigzag color=&#8221;custom&#8221; el_width=&#8221;10&#8243; el_border_width=&#8221;8&#8243; custom_color=&#8221;#c1272d&#8221;][vc_empty_space height=&#8221;15px&#8221;][vc_column_text]<\/p>\n<h4 style=\"text-align: center; color: white; font-weight: 500; text-shadow: 1px 1px 5px rgba(0,0,0,0.5);\">Whether is summer or winter, enjoy your space all year round!<\/h4>\n<p>[\/vc_column_text][\/vc_column][\/vc_row][vc_row css_animation=&#8221;&#8221; row_type=&#8221;row&#8221; use_row_as_full_screen_section=&#8221;no&#8221; type=&#8221;full_width&#8221; angled_section=&#8221;no&#8221; text_align=&#8221;center&#8221; background_image_as_pattern=&#8221;without_pattern&#8221; z_index=&#8221;&#8221;][vc_column css=&#8221;.vc_custom_1729787741154{margin-top: -50px !important;}&#8221;]<a  itemprop=\"url\" href=\"\" target=\"_self\" data-hover-background-color='#ffffff' data-hover-color='#c1272d' class=\"qbutton  large default popmake-18468\" style=\"background-color: #c1272d;\">Request a quote<\/a>[\/vc_column][\/vc_row][vc_row css_animation=&#8221;&#8221; row_type=&#8221;row&#8221; use_row_as_full_screen_section=&#8221;no&#8221; type=&#8221;full_width&#8221; angled_section=&#8221;no&#8221; text_align=&#8221;left&#8221; background_image_as_pattern=&#8221;without_pattern&#8221; row_negative_margin=&#8221;disable_negative_margin&#8221; z_index=&#8221;&#8221; css=&#8221;.vc_custom_1529416802014{padding-top: 50px !important;}&#8221;][vc_column][qode_elements_holder number_of_columns=&#8221;two_columns&#8221;][qode_elements_holder_item advanced_animations=&#8221;no&#8221; item_padding=&#8221;0 40px 40px 40px&#8221;][vc_column_text]<\/p>\n<h2 style=\"text-align: left;\">Manufacture and Assembly of Glass Curtains<\/h2>\n<p>[\/vc_column_text][vc_empty_space height=&#8221;10px&#8221;][vc_zigzag color=&#8221;custom&#8221; align=&#8221;left&#8221; el_width=&#8221;10&#8243; el_border_width=&#8221;8&#8243; custom_color=&#8221;#c1272d&#8221;][vc_empty_space height=&#8221;10px&#8221;][vc_column_text]Textilux specialises in the manufacture of glass curtains. Our systems without vertical profiles were designed so you can enjoy your veranda or terrace any time of year They are basically made up of tempered glass of different thicknesses (6, 8, 10 and 12mm) and top and bottom profiles with a modern, minimalist design. The combination of these two components and the absence of vertically shaped aluminium profiles allows you to enjoy a clear view from your home all year round.<\/p>\n<p>It works as follows: the first glass panel opens to the inside, then they are all slid one at a time up to the first panel and are pulled over to the side of the opening. This system provides a convenient way of gaining space and can also be used inside homes to divide spaces or demarcate zones.<\/p>\n<p>For further information on glass curtains please do not hesitate to contact our duly trained and experienced team.<br \/>\n[\/vc_column_text][\/qode_elements_holder_item][qode_elements_holder_item vertical_alignment=&#8221;top&#8221; advanced_animations=&#8221;no&#8221;][vc_tabs style=&#8221;horizontal&#8221; el_class=&#8221;products-tabs&#8221;][vc_tab title=&#8221;Inclined model&#8221; tab_id=&#8221;1529320032115-0-4&#8243;]<div class=\"qode-advanced-image-gallery  qode-aig-grid-type qode-tiny-space  qode-image-behavior-lightbox \">\n\t<div class=\"qode-aig-inner qode-outer-space qode-aig-grid qode-aig-three-columns\">\n\t\t\t\t\t<div class=\"qode-aig-image qode-item-space\">\n\t\t\t\t<div class=\"qode-aig-image-inner\">\n\t\t\t\t\t\t\t\t\t\t\t<a itemprop=\"image\" class=\"qode-aig-lightbox\" href=\"https:\/\/www.textilux.com\/wp-content\/uploads\/2019\/12\/cortinas_vidro_01.jpg\" data-rel=\"prettyPhoto[image_gallery_pretty_photo-910]\" title=\"cortinas_vidro_01\">\n\t\t\t\t\t\t\t\t\t\t\t<img loading=\"lazy\" decoding=\"async\" width=\"800\" height=\"450\" src=\"https:\/\/www.textilux.com\/wp-content\/uploads\/2019\/12\/cortinas_vidro_01.jpg\" class=\"attachment-full size-full\" alt=\"\" srcset=\"https:\/\/www.textilux.com\/wp-content\/uploads\/2019\/12\/cortinas_vidro_01.jpg 800w, https:\/\/www.textilux.com\/wp-content\/uploads\/2019\/12\/cortinas_vidro_01-300x169.jpg 300w, https:\/\/www.textilux.com\/wp-content\/uploads\/2019\/12\/cortinas_vidro_01-768x432.jpg 768w, https:\/\/www.textilux.com\/wp-content\/uploads\/2019\/12\/cortinas_vidro_01-700x394.jpg 700w, https:\/\/www.textilux.com\/wp-content\/uploads\/2019\/12\/cortinas_vidro_01-539x303.jpg 539w\" sizes=\"auto, (max-width: 800px) 100vw, 800px\" \/>\t\t\t\t\t\t<span class=\"aig-gallery-hover\">\n\t\t\t\t\t\t\t\t\t\t\t\t\t\t\t<span class=\"icon-arrows-plus\"><\/span> \n\t\t\t\t\t\t\t\t\t\t\t\t\t<\/span>\n\t\t\t\t\t\t\t\t\t\t\t<\/a>\n\t\t\t\t\t\t\t\t\t<\/div>\n\t\t\t<\/div>\n\t\t\t\t\t<div class=\"qode-aig-image qode-item-space\">\n\t\t\t\t<div class=\"qode-aig-image-inner\">\n\t\t\t\t\t\t\t\t\t\t\t<a itemprop=\"image\" class=\"qode-aig-lightbox\" href=\"https:\/\/www.textilux.com\/wp-content\/uploads\/2019\/12\/cortinas_vidro_02.jpg\" data-rel=\"prettyPhoto[image_gallery_pretty_photo-910]\" title=\"cortinas_vidro_02\">\n\t\t\t\t\t\t\t\t\t\t\t<img loading=\"lazy\" decoding=\"async\" width=\"800\" height=\"450\" src=\"https:\/\/www.textilux.com\/wp-content\/uploads\/2019\/12\/cortinas_vidro_02.jpg\" class=\"attachment-full size-full\" alt=\"\" srcset=\"https:\/\/www.textilux.com\/wp-content\/uploads\/2019\/12\/cortinas_vidro_02.jpg 800w, https:\/\/www.textilux.com\/wp-content\/uploads\/2019\/12\/cortinas_vidro_02-300x169.jpg 300w, https:\/\/www.textilux.com\/wp-content\/uploads\/2019\/12\/cortinas_vidro_02-768x432.jpg 768w, https:\/\/www.textilux.com\/wp-content\/uploads\/2019\/12\/cortinas_vidro_02-700x394.jpg 700w, https:\/\/www.textilux.com\/wp-content\/uploads\/2019\/12\/cortinas_vidro_02-539x303.jpg 539w\" sizes=\"auto, (max-width: 800px) 100vw, 800px\" \/>\t\t\t\t\t\t<span class=\"aig-gallery-hover\">\n\t\t\t\t\t\t\t\t\t\t\t\t\t\t\t<span class=\"icon-arrows-plus\"><\/span> \n\t\t\t\t\t\t\t\t\t\t\t\t\t<\/span>\n\t\t\t\t\t\t\t\t\t\t\t<\/a>\n\t\t\t\t\t\t\t\t\t<\/div>\n\t\t\t<\/div>\n\t\t\t\t\t<div class=\"qode-aig-image qode-item-space\">\n\t\t\t\t<div class=\"qode-aig-image-inner\">\n\t\t\t\t\t\t\t\t\t\t\t<a itemprop=\"image\" class=\"qode-aig-lightbox\" href=\"https:\/\/www.textilux.com\/wp-content\/uploads\/2019\/12\/cortinas_vidro_03.jpg\" data-rel=\"prettyPhoto[image_gallery_pretty_photo-910]\" title=\"cortinas_vidro_03\">\n\t\t\t\t\t\t\t\t\t\t\t<img loading=\"lazy\" decoding=\"async\" width=\"800\" height=\"450\" src=\"https:\/\/www.textilux.com\/wp-content\/uploads\/2019\/12\/cortinas_vidro_03.jpg\" class=\"attachment-full size-full\" alt=\"\" srcset=\"https:\/\/www.textilux.com\/wp-content\/uploads\/2019\/12\/cortinas_vidro_03.jpg 800w, https:\/\/www.textilux.com\/wp-content\/uploads\/2019\/12\/cortinas_vidro_03-300x169.jpg 300w, https:\/\/www.textilux.com\/wp-content\/uploads\/2019\/12\/cortinas_vidro_03-768x432.jpg 768w, https:\/\/www.textilux.com\/wp-content\/uploads\/2019\/12\/cortinas_vidro_03-700x394.jpg 700w, https:\/\/www.textilux.com\/wp-content\/uploads\/2019\/12\/cortinas_vidro_03-539x303.jpg 539w\" sizes=\"auto, (max-width: 800px) 100vw, 800px\" \/>\t\t\t\t\t\t<span class=\"aig-gallery-hover\">\n\t\t\t\t\t\t\t\t\t\t\t\t\t\t\t<span class=\"icon-arrows-plus\"><\/span> \n\t\t\t\t\t\t\t\t\t\t\t\t\t<\/span>\n\t\t\t\t\t\t\t\t\t\t\t<\/a>\n\t\t\t\t\t\t\t\t\t<\/div>\n\t\t\t<\/div>\n\t\t\t\t\t<div class=\"qode-aig-image qode-item-space\">\n\t\t\t\t<div class=\"qode-aig-image-inner\">\n\t\t\t\t\t\t\t\t\t\t\t<a itemprop=\"image\" class=\"qode-aig-lightbox\" href=\"https:\/\/www.textilux.com\/wp-content\/uploads\/2019\/12\/cortinas_vidro_04.jpg\" data-rel=\"prettyPhoto[image_gallery_pretty_photo-910]\" title=\"cortinas_vidro_04\">\n\t\t\t\t\t\t\t\t\t\t\t<img loading=\"lazy\" decoding=\"async\" width=\"800\" height=\"450\" src=\"https:\/\/www.textilux.com\/wp-content\/uploads\/2019\/12\/cortinas_vidro_04.jpg\" class=\"attachment-full size-full\" alt=\"\" srcset=\"https:\/\/www.textilux.com\/wp-content\/uploads\/2019\/12\/cortinas_vidro_04.jpg 800w, https:\/\/www.textilux.com\/wp-content\/uploads\/2019\/12\/cortinas_vidro_04-300x169.jpg 300w, https:\/\/www.textilux.com\/wp-content\/uploads\/2019\/12\/cortinas_vidro_04-768x432.jpg 768w, https:\/\/www.textilux.com\/wp-content\/uploads\/2019\/12\/cortinas_vidro_04-700x394.jpg 700w, https:\/\/www.textilux.com\/wp-content\/uploads\/2019\/12\/cortinas_vidro_04-539x303.jpg 539w\" sizes=\"auto, (max-width: 800px) 100vw, 800px\" \/>\t\t\t\t\t\t<span class=\"aig-gallery-hover\">\n\t\t\t\t\t\t\t\t\t\t\t\t\t\t\t<span class=\"icon-arrows-plus\"><\/span> \n\t\t\t\t\t\t\t\t\t\t\t\t\t<\/span>\n\t\t\t\t\t\t\t\t\t\t\t<\/a>\n\t\t\t\t\t\t\t\t\t<\/div>\n\t\t\t<\/div>\n\t\t\t\t\t<div class=\"qode-aig-image qode-item-space\">\n\t\t\t\t<div class=\"qode-aig-image-inner\">\n\t\t\t\t\t\t\t\t\t\t\t<a itemprop=\"image\" class=\"qode-aig-lightbox\" href=\"https:\/\/www.textilux.com\/wp-content\/uploads\/2019\/12\/cortinas_vidro_05.jpg\" data-rel=\"prettyPhoto[image_gallery_pretty_photo-910]\" title=\"cortinas_vidro_05\">\n\t\t\t\t\t\t\t\t\t\t\t<img loading=\"lazy\" decoding=\"async\" width=\"800\" height=\"450\" src=\"https:\/\/www.textilux.com\/wp-content\/uploads\/2019\/12\/cortinas_vidro_05.jpg\" class=\"attachment-full size-full\" alt=\"\" srcset=\"https:\/\/www.textilux.com\/wp-content\/uploads\/2019\/12\/cortinas_vidro_05.jpg 800w, https:\/\/www.textilux.com\/wp-content\/uploads\/2019\/12\/cortinas_vidro_05-300x169.jpg 300w, https:\/\/www.textilux.com\/wp-content\/uploads\/2019\/12\/cortinas_vidro_05-768x432.jpg 768w, https:\/\/www.textilux.com\/wp-content\/uploads\/2019\/12\/cortinas_vidro_05-700x394.jpg 700w, https:\/\/www.textilux.com\/wp-content\/uploads\/2019\/12\/cortinas_vidro_05-539x303.jpg 539w\" sizes=\"auto, (max-width: 800px) 100vw, 800px\" \/>\t\t\t\t\t\t<span class=\"aig-gallery-hover\">\n\t\t\t\t\t\t\t\t\t\t\t\t\t\t\t<span class=\"icon-arrows-plus\"><\/span> \n\t\t\t\t\t\t\t\t\t\t\t\t\t<\/span>\n\t\t\t\t\t\t\t\t\t\t\t<\/a>\n\t\t\t\t\t\t\t\t\t<\/div>\n\t\t\t<\/div>\n\t\t\t\t\t<div class=\"qode-aig-image qode-item-space\">\n\t\t\t\t<div class=\"qode-aig-image-inner\">\n\t\t\t\t\t\t\t\t\t\t\t<a itemprop=\"image\" class=\"qode-aig-lightbox\" href=\"https:\/\/www.textilux.com\/wp-content\/uploads\/2019\/12\/cortinas_vidro_06.jpg\" data-rel=\"prettyPhoto[image_gallery_pretty_photo-910]\" title=\"cortinas_vidro_06\">\n\t\t\t\t\t\t\t\t\t\t\t<img loading=\"lazy\" decoding=\"async\" width=\"800\" height=\"450\" src=\"https:\/\/www.textilux.com\/wp-content\/uploads\/2019\/12\/cortinas_vidro_06.jpg\" class=\"attachment-full size-full\" alt=\"\" srcset=\"https:\/\/www.textilux.com\/wp-content\/uploads\/2019\/12\/cortinas_vidro_06.jpg 800w, https:\/\/www.textilux.com\/wp-content\/uploads\/2019\/12\/cortinas_vidro_06-300x169.jpg 300w, https:\/\/www.textilux.com\/wp-content\/uploads\/2019\/12\/cortinas_vidro_06-768x432.jpg 768w, https:\/\/www.textilux.com\/wp-content\/uploads\/2019\/12\/cortinas_vidro_06-700x394.jpg 700w, https:\/\/www.textilux.com\/wp-content\/uploads\/2019\/12\/cortinas_vidro_06-539x303.jpg 539w\" sizes=\"auto, (max-width: 800px) 100vw, 800px\" \/>\t\t\t\t\t\t<span class=\"aig-gallery-hover\">\n\t\t\t\t\t\t\t\t\t\t\t\t\t\t\t<span class=\"icon-arrows-plus\"><\/span> \n\t\t\t\t\t\t\t\t\t\t\t\t\t<\/span>\n\t\t\t\t\t\t\t\t\t\t\t<\/a>\n\t\t\t\t\t\t\t\t\t<\/div>\n\t\t\t<\/div>\n\t\t\t<\/div>\n<\/div>[\/vc_tab][\/vc_tabs][\/qode_elements_holder_item][\/qode_elements_holder][\/vc_column][\/vc_row][vc_row css_animation=&#8221;&#8221; row_type=&#8221;row&#8221; use_row_as_full_screen_section=&#8221;no&#8221; type=&#8221;full_width&#8221; angled_section=&#8221;no&#8221; text_align=&#8221;left&#8221; background_image_as_pattern=&#8221;without_pattern&#8221; row_negative_margin=&#8221;disable_negative_margin&#8221; css=&#8221;.vc_custom_1529415140766{background-color: #f6f6f6 !important;}&#8221; z_index=&#8221;&#8221; el_class=&#8221;custom_reverse_order&#8221;][vc_column][qode_elements_holder number_of_columns=&#8221;two_columns&#8221; switch_to_one_column=&#8221;768&#8243; alignment_one_column=&#8221;right&#8221;][qode_elements_holder_item cover=&#8221;yes&#8221; vertical_alignment=&#8221;middle&#8221; horizontal_alignment=&#8221;center&#8221; advanced_animations=&#8221;no&#8221; background_image=&#8221;17468&#8243;][vc_empty_space height=&#8221;350&#8243;][\/qode_elements_holder_item][qode_elements_holder_item advanced_animations=&#8221;no&#8221; item_padding=&#8221;40px&#8221;][vc_column_text]<\/p>\n<h2 style=\"text-align: left;\">Glass Curtains in the Algarve<\/h2>\n<p>[\/vc_column_text][vc_empty_space height=&#8221;10px&#8221;][vc_zigzag color=&#8221;custom&#8221; align=&#8221;left&#8221; el_width=&#8221;10&#8243; el_border_width=&#8221;8&#8243; custom_color=&#8221;#c1272d&#8221;][vc_empty_space height=&#8221;10px&#8221;][vc_column_text]If you are considering buying superior quality glass curtains in the Algarve at a price competitive, get in touch with our company, which already has more than 10 years\u2019 experience in the branch.<\/p>\n<p>This is, without doubt, the ideal solution for those who want to close off a space, namely verandas and terraces, and maintain a clear view without any type of frame, as is the case with the old marquees.<\/p>\n<p>Order your glass curtains in the Algarve from our shop and enjoy perfect comfort, elegance and climate insulation. Trust in our leadership and ability to always do more and better.[\/vc_column_text][\/qode_elements_holder_item][\/qode_elements_holder][\/vc_column][\/vc_row][vc_row css_animation=&#8221;&#8221; row_type=&#8221;row&#8221; use_row_as_full_screen_section=&#8221;no&#8221; type=&#8221;full_width&#8221; angled_section=&#8221;no&#8221; text_align=&#8221;left&#8221; background_image_as_pattern=&#8221;without_pattern&#8221; row_negative_margin=&#8221;disable_negative_margin&#8221; z_index=&#8221;&#8221;][vc_column][qode_elements_holder number_of_columns=&#8221;two_columns&#8221;][qode_elements_holder_item advanced_animations=&#8221;no&#8221; item_padding=&#8221;40px&#8221;][vc_column_text]<\/p>\n<h2 style=\"text-align: left;\">Glass Curtains to Close Off Verandas<\/h2>\n<p>[\/vc_column_text][vc_empty_space height=&#8221;10px&#8221;][vc_zigzag color=&#8221;custom&#8221; align=&#8221;left&#8221; el_width=&#8221;10&#8243; el_border_width=&#8221;8&#8243; custom_color=&#8221;#c1272d&#8221;][vc_empty_space height=&#8221;10px&#8221;][vc_column_text]Are you thinking of ordering glass curtains to close off verandas, but don\u2019t know a reliable company that operates in this line of business?<\/p>\n<p>Then talk to our technicians and find out everything that we can do for you in this regard and benefit from a totally transparent space that allows you to enjoy the landscape, natural or urban, without the constraints of traditional frames.<\/p>\n<p>Ask for a free, no-obligation quote for glass curtains (tempered or laminated) to close off verandas (of houses, apartments, condominiums, factories or offices) and be amazed at our top-quality work.[\/vc_column_text][\/qode_elements_holder_item][qode_elements_holder_item cover=&#8221;yes&#8221; advanced_animations=&#8221;no&#8221; background_image=&#8221;17467&#8243;][vc_empty_space height=&#8221;350&#8243;][\/qode_elements_holder_item][\/qode_elements_holder][\/vc_column][\/vc_row][vc_row css_animation=&#8221;&#8221; row_type=&#8221;row&#8221; use_row_as_full_screen_section=&#8221;no&#8221; type=&#8221;full_width&#8221; angled_section=&#8221;no&#8221; text_align=&#8221;left&#8221; background_image_as_pattern=&#8221;without_pattern&#8221; row_negative_margin=&#8221;disable_negative_margin&#8221; css=&#8221;.vc_custom_1529403298375{background-color: #f6f6f6 !important;}&#8221; z_index=&#8221;&#8221; el_class=&#8221;custom_reverse_order&#8221;][vc_column el_class=&#8221;product-image&#8221;][qode_elements_holder number_of_columns=&#8221;two_columns&#8221; switch_to_one_column=&#8221;768&#8243; alignment_one_column=&#8221;right&#8221;][qode_elements_holder_item cover=&#8221;yes&#8221; vertical_alignment=&#8221;middle&#8221; horizontal_alignment=&#8221;center&#8221; advanced_animations=&#8221;no&#8221; background_image=&#8221;17466&#8243;][vc_empty_space height=&#8221;350&#8243;][\/qode_elements_holder_item][qode_elements_holder_item advanced_animations=&#8221;no&#8221; item_padding=&#8221;40px&#8221;][vc_column_text]<\/p>\n<h2 style=\"text-align: left;\">Glass Curtains to Close Off Terraces<\/h2>\n<p>[\/vc_column_text][vc_empty_space height=&#8221;10px&#8221;][vc_zigzag color=&#8221;custom&#8221; align=&#8221;left&#8221; el_width=&#8221;10&#8243; el_border_width=&#8221;8&#8243; custom_color=&#8221;#c1272d&#8221;][vc_empty_space height=&#8221;10px&#8221;][vc_column_text]Textilux manufactures and assembles customised glass curtains for terraces of villas, apartments, buildings and offices, functioning as a kind of marquee, but without the unsightly wooden, aluminium or PVC frames.<\/p>\n<p>It should be noted that customers can choose the tonality of the tempered glass which can be colourless, frosted or in greenish hues.<\/p>\n<p>Go for glass curtains to close off terraces, produced by a credible and experienced company. We guarantee fast, honest, thorough and top quality work every time.[\/vc_column_text][\/qode_elements_holder_item][\/qode_elements_holder][\/vc_column][\/vc_row][vc_row css_animation=&#8221;&#8221; row_type=&#8221;row&#8221; use_row_as_full_screen_section=&#8221;no&#8221; type=&#8221;full_width&#8221; angled_section=&#8221;no&#8221; text_align=&#8221;left&#8221; background_image_as_pattern=&#8221;without_pattern&#8221; row_negative_margin=&#8221;disable_negative_margin&#8221; z_index=&#8221;&#8221;][vc_column][qode_elements_holder number_of_columns=&#8221;two_columns&#8221;][qode_elements_holder_item advanced_animations=&#8221;no&#8221; item_padding=&#8221;40px&#8221;][vc_column_text]<\/p>\n<h2 style=\"text-align: left;\">Advantages of Glass Curtains<\/h2>\n<p>[\/vc_column_text][vc_empty_space height=&#8221;10px&#8221;][vc_zigzag color=&#8221;custom&#8221; align=&#8221;left&#8221; el_width=&#8221;10&#8243; el_border_width=&#8221;8&#8243; custom_color=&#8221;#c1272d&#8221;][vc_empty_space height=&#8221;10px&#8221;][vc_column_text]There are many advantages to purchasing glass curtains, whether for balconies or terraces of houses or workplaces, instead of opting for traditional marquises with aluminium, wooden or PVC frames.<\/p>\n<p>Firstly, they are much more visually elegant, in as much as they can be totally transparent, giving the impression that the room is not closed in, keeping the aesthetics of the building practically unchanged.<br \/>\nOn the other hand, this equipment allows the user to have an extensive view of the entire surrounding area, and curtains or blinds may or may not be used to control exposure to natural light.<\/p>\n<p>Furthermore, tempered glass, which is difficult to break, may be colourless, frosted or greenish, and any of these options very effectively insulates the respective area from the cold, wind, heat and rain.<\/p>\n<p>For any further information on the advantages of glass curtains, please contact our technicians and find out everything we can do for you. Invest in sobriety, quality, thoroughness and professionalism.[\/vc_column_text][\/qode_elements_holder_item][qode_elements_holder_item cover=&#8221;yes&#8221; advanced_animations=&#8221;no&#8221; background_image=&#8221;17465&#8243;][vc_empty_space height=&#8221;350&#8243;][\/qode_elements_holder_item][\/qode_elements_holder][\/vc_column][\/vc_row][vc_row css_animation=&#8221;&#8221; row_type=&#8221;row&#8221; use_row_as_full_screen_section=&#8221;no&#8221; type=&#8221;grid&#8221; angled_section=&#8221;no&#8221; text_align=&#8221;left&#8221; background_image_as_pattern=&#8221;without_pattern&#8221; css=&#8221;.vc_custom_1529401181681{padding-top: 30px !important;padding-bottom: 20px !important;background-color: #c1272d !important;}&#8221; z_index=&#8221;&#8221;][vc_column][vc_column_text]<\/p>\n<p style=\"color: white; text-align: center; font-size: 13px;\"><strong>Glass Curtains Algarve: Faro | Portim\u00e3o | Loul\u00e9 | Albufeira | Vilamoura | Almancil | Tavira | Lagoa | Vila Real de Santo Ant\u00f3nio | Lagos | Vila do Bispo | Sagres | Silves | Monchique | Alcoutim | Castro Marim | S\u00e3o Br\u00e1s de Alportel | Olh\u00e3o | Estoi | Fuseta | Moncarapacho | Quarteira | Altura | Vila Nova de Cacela | Alte | Aljezur | Parchal | Porches | Alcantarilha | Guia | Ferreiras | Paderne | Boliqueime | Mexilhoeira Grande | Est\u00f4mbar | Arma\u00e7\u00e3o de Pera | Carvoeiro | Ferragudo | Alvor |<\/strong><\/p>\n<p>[\/vc_column_text][\/vc_column][\/vc_row][vc_row css_animation=&#8221;&#8221; row_type=&#8221;row&#8221; use_row_as_full_screen_section=&#8221;no&#8221; type=&#8221;full_width&#8221; angled_section=&#8221;no&#8221; text_align=&#8221;left&#8221; background_image_as_pattern=&#8221;without_pattern&#8221; css=&#8221;.vc_custom_1529400658624{background-color: #c1272d !important;background-position: center !important;background-repeat: no-repeat !important;background-size: cover !important;}&#8221; z_index=&#8221;&#8221;][vc_column css=&#8221;.vc_custom_1576251484917{padding-top: 110px !important;padding-bottom: 80px !important;background-image: url(https:\/\/www.textilux.com\/wp-content\/uploads\/2019\/12\/orcamneto-toldos-1024&#215;576.jpg?id=17180) !important;background-position: center !important;background-repeat: no-repeat !important;background-size: cover !important;}&#8221; el_class=&#8221;bottom-shape&#8221;][vc_column_text]<\/p>\n<h2 style=\"color: white; text-align: center; font-weight: 500;\">Request a budget<\/h2>\n<p>[\/vc_column_text][vc_empty_space height=&#8221;20&#8243;][vc_zigzag color=&#8221;custom&#8221; el_width=&#8221;10&#8243; el_border_width=&#8221;8&#8243; custom_color=&#8221;#c1272d&#8221;][vc_empty_space height=&#8221;20&#8243;][vc_row_inner row_type=&#8221;row&#8221; type=&#8221;grid&#8221; text_align=&#8221;left&#8221; css_animation=&#8221;&#8221;][vc_column_inner width=&#8221;1\/6&#8243;][\/vc_column_inner][vc_column_inner el_class=&#8221;center-button&#8221; width=&#8221;2\/3&#8243;][vc_column_text]<\/p>\n<h4 style=\"text-align: center; color: white; font-weight: 500;\">If you are interested in any of our services do not hesitate to ask for a quote.<\/h4>\n<p>[\/vc_column_text][vc_empty_space]<a  itemprop=\"url\" href=\"https:\/\/www.textilux.com\/en\/contactos\/\" target=\"_self\" data-hover-background-color='#ffffff' data-hover-color='#c1272d' class=\"qbutton  large default\" style=\"background-color: #c1272d;\">Request a quote<\/a>[\/vc_column_inner][vc_column_inner width=&#8221;1\/6&#8243;][\/vc_column_inner][\/vc_row_inner][\/vc_column][\/vc_row]<\/p>\n","protected":false},"excerpt":{"rendered":"<p>[vc_row css_animation=&#8221;&#8221; row_type=&#8221;row&#8221; use_row_as_full_screen_section=&#8221;no&#8221; type=&#8221;full_width&#8221; angled_section=&#8221;no&#8221; text_align=&#8221;left&#8221; background_image_as_pattern=&#8221;without_pattern&#8221; background_image=&#8221;17461&#8243; padding_top=&#8221;200&#8243; padding_bottom=&#8221;200&#8243; css=&#8221;.vc_custom_1576251577813{background-position: center !important;background-repeat: no-repeat !important;background-size: cover !important;}&#8221; z_index=&#8221;&#8221; el_class=&#8221;hero-shape&#8221;][vc_column][vc_column_text] Glass Curtains [\/vc_column_text][vc_empty_space height=&#8221;15px&#8221;][vc_zigzag color=&#8221;custom&#8221; el_width=&#8221;10&#8243; el_border_width=&#8221;8&#8243; custom_color=&#8221;#c1272d&#8221;][vc_empty_space height=&#8221;15px&#8221;][vc_column_text] Whether is summer or winter, enjoy your space all year round! [\/vc_column_text][\/vc_column][\/vc_row][vc_row css_animation=&#8221;&#8221; row_type=&#8221;row&#8221; use_row_as_full_screen_section=&#8221;no&#8221; type=&#8221;full_width&#8221;&#8230;<\/p>\n","protected":false},"author":1,"featured_media":0,"parent":0,"menu_order":0,"comment_status":"closed","ping_status":"closed","template":"","meta":{"footnotes":""},"class_list":["post-18149","page","type-page","status-publish","hentry"],"aioseo_notices":[],"_links":{"self":[{"href":"https:\/\/www.textilux.com\/en\/wp-json\/wp\/v2\/pages\/18149","targetHints":{"allow":["GET"]}}],"collection":[{"href":"https:\/\/www.textilux.com\/en\/wp-json\/wp\/v2\/pages"}],"about":[{"href":"https:\/\/www.textilux.com\/en\/wp-json\/wp\/v2\/types\/page"}],"author":[{"embeddable":true,"href":"https:\/\/www.textilux.com\/en\/wp-json\/wp\/v2\/users\/1"}],"replies":[{"embeddable":true,"href":"https:\/\/www.textilux.com\/en\/wp-json\/wp\/v2\/comments?post=18149"}],"version-history":[{"count":5,"href":"https:\/\/www.textilux.com\/en\/wp-json\/wp\/v2\/pages\/18149\/revisions"}],"predecessor-version":[{"id":18536,"href":"https:\/\/www.textilux.com\/en\/wp-json\/wp\/v2\/pages\/18149\/revisions\/18536"}],"wp:attachment":[{"href":"https:\/\/www.textilux.com\/en\/wp-json\/wp\/v2\/media?parent=18149"}],"curies":[{"name":"wp","href":"https:\/\/api.w.org\/{rel}","templated":true}]}}